{"id":1343,"date":"2022-04-14T22:39:12","date_gmt":"2022-04-15T01:39:12","guid":{"rendered":"https:\/\/dialogosinternacionais.com.br\/?page_id=1343"},"modified":"2025-08-08T16:34:46","modified_gmt":"2025-08-08T19:34:46","slug":"equipe","status":"publish","type":"page","link":"https:\/\/dialogosinternacionais.com.br\/?page_id=1343","title":{"rendered":"Equipe"},"content":{"rendered":"<h3><i>Editores-Chefes<\/i><\/h3>\n<p><b>Glauber Cardoso Carvalho &#8211; Universidade Federal de Roraima &#8211; UFRR | <a href=\"http:\/\/lattes.cnpq.br\/4700677240167902\" target=\"_blank\" rel=\"noopener\">Curr\u00edculo Lattes<\/a><\/b><\/p>\n<p>Professor Adjunto de Rela\u00e7\u00f5es Internacionais da Universidade Federal de Roraima &#8211; UFRR. Doutor e Mestre em Economia Pol\u00edtica Internacional, pelo Instituto de Economia da Universidade Federal do Rio de Janeiro &#8211; UFRJ. Graduado em Rela\u00e7\u00f5es Internacionais (2005). Possui especializa\u00e7\u00e3o em Com\u00e9rcio Exterior (2007), com extens\u00e3o em Did\u00e1tica do Ensino Superior, e fez MBE em An\u00e1lise Internacional (UFRJ-2010). Tem experi\u00eancia nas \u00e1reas de Pol\u00edtica Externa Brasileira, Integra\u00e7\u00e3o Regional, Organiza\u00e7\u00f5es Internacionais, Economia Pol\u00edtica Internacional, Economia Brasileira e Com\u00e9rcio Exterior.<\/p>\n<p><b>Larissa Rosevics &#8211; Universidade Federal do Rio de Janeiro &#8211; UFRJ | <a href=\"http:\/\/lattes.cnpq.br\/9517561521265371\" target=\"_blank\" rel=\"noopener\">Curr\u00edculo Lattes<\/a><\/b><\/p>\n<p>Professora do Instituto de Rela\u00e7\u00f5es Internacionais e Defesa da UFRJ. Doutora em Economia Pol\u00edtica Internacional pela Universidade Federal do Rio de Janeiro &#8211; UFRJ. Possui Mestrado em Sociologia pela UFPR, bacharelado em Rela\u00e7\u00f5es Internacionais pela UniCuritiba. Foi professora visitante na Universidade Federal do ABC. Desenvolve pesquisas sobre: pol\u00edtica externa brasileira contempor\u00e2nea; integra\u00e7\u00e3o regional; economia pol\u00edtica internacional; e seguran\u00e7a e defesa.<\/p>\n<p><strong style=\"font-family: Roboto; font-size: 26px; letter-spacing: 0px;\"><i>Assistentes Editoriais<\/i><\/strong><\/p>\n<p>Em breve<\/p>\n<h3><i>Dados da publica\u00e7\u00e3o<\/i><\/h3>\n<p><b>Revista Di\u00e1logos Internacionais<\/b><br \/>\n<i>On Line | Divulga\u00e7\u00e3o cient\u00edfica em EPI e RI<\/i><br \/>\n<b><br \/>\n<\/b><b>Periodicidade:\u00a0<\/b>Mensal<br \/>\n<b>Submiss\u00e3o:\u00a0<\/b>Fluxo Cont\u00ednuo<br \/>\n<b><br \/>\n<\/b><b>Secretaria:<\/b>\u00a0<a href=\"mailto:dialogosinternacionais@gmail.com\">dialogosinternacionais@gmail.com<\/a><br \/>\n<b><br \/>\n<\/b><b>Instituto de Rela\u00e7\u00f5es Internacionais e Defesa &#8211; IRID<\/b><br \/>\nAvenida Pasteur 250, fundos, Campus da Praia Vermelha.<br \/>\nCEP 22290- 902, Rio de Janeiro\/RJ &#8211; Brasil<br \/>\nTelefones: 55 21 3938-5216, 3938-5218<\/p>\n","protected":false},"excerpt":{"rendered":"<p>Editores-Chefes Glauber Cardoso Carvalho &#8211; Universidade Federal de Roraima &#8211; UFRR | Curr\u00edculo<\/p>\n","protected":false},"author":1,"featured_media":0,"parent":0,"menu_order":0,"comment_status":"closed","ping_status":"closed","template":"","meta":{"footnotes":""},"class_list":["post-1343","page","type-page","status-publish","hentry"],"_links":{"self":[{"href":"https:\/\/dialogosinternacionais.com.br\/index.php?rest_route=\/wp\/v2\/pages\/1343","targetHints":{"allow":["GET"]}}],"collection":[{"href":"https:\/\/dialogosinternacionais.com.br\/index.php?rest_route=\/wp\/v2\/pages"}],"about":[{"href":"https:\/\/dialogosinternacionais.com.br\/index.php?rest_route=\/wp\/v2\/types\/page"}],"author":[{"embeddable":true,"href":"https:\/\/dialogosinternacionais.com.br\/index.php?rest_route=\/wp\/v2\/users\/1"}],"replies":[{"embeddable":true,"href":"https:\/\/dialogosinternacionais.com.br\/index.php?rest_route=%2Fwp%2Fv2%2Fcomments&post=1343"}],"version-history":[{"count":26,"href":"https:\/\/dialogosinternacionais.com.br\/index.php?rest_route=\/wp\/v2\/pages\/1343\/revisions"}],"predecessor-version":[{"id":3394,"href":"https:\/\/dialogosinternacionais.com.br\/index.php?rest_route=\/wp\/v2\/pages\/1343\/revisions\/3394"}],"wp:attachment":[{"href":"https:\/\/dialogosinternacionais.com.br\/index.php?rest_route=%2Fwp%2Fv2%2Fmedia&parent=1343"}],"curies":[{"name":"wp","href":"https:\/\/api.w.org\/{rel}","templated":true}]}}